{"id":23,"date":"2015-09-01T18:36:16","date_gmt":"2015-09-01T15:36:16","guid":{"rendered":"http:\/\/www.pkpolkka.fi\/?page_id=23"},"modified":"2025-11-27T10:11:03","modified_gmt":"2025-11-27T08:11:03","slug":"tervehdys","status":"publish","type":"page","link":"https:\/\/www.pkpolkka.fi\/","title":{"rendered":"Parturi-kampaamo POLKKA"},"content":{"rendered":"<header class=\"entry-header\">\n<h2 class=\"entry-title\">Tervetuloa !<\/h2>\n<p style=\"text-align: left;\">Parturi-kampaamo POLKKA sijaitsee OP -Vallilan galleriakerroksessa hyvinvointikeskuksessa.<\/p>\n<p>Parturi-kampaamo palvelee OP:n ty\u00f6ntekij\u00f6it\u00e4, sek\u00e4 muita talossa ty\u00f6skentelevi\u00e4.<\/p>\n<p>Talon ulkopuolisia asiakkaita palvelemme sopimuksen mukaan. Varaa aikasi puhelimitse.<\/p>\n<p>HUOM! Samana p\u00e4iv\u00e4n\u00e4 peruutetusta tai peruuttamattomasta ajasta joudumme veloittamaan 75% hinnasta.<\/p>\n<p><strong>Puh. 0400474<\/strong><strong>616<\/strong> . Varaukset puhelimitse tai linkist\u00e4&nbsp; <a href=\"https:\/\/booksalon.fi\/parturikampaamo-polkka\">https:\/\/booksalon.fi\/parturikampaamo-polkka<\/a><\/p>\n<p><strong>Seuraathan meit\u00e4 my\u00f6s somessa!<\/strong><\/p>\n<p><a href=\"https:\/\/www.instagram.com\/parturikampaamopolkka\/\" target=\"_blank\" rel=\"noopener noreferrer\"><img loading=\"lazy\" class=\"alignnone wp-image-248\" src=\"http:\/\/www.pkpolkka.fi\/wp-content\/uploads\/2019\/08\/ig-300x300.jpg\" alt=\"\" width=\"66\" height=\"66\" srcset=\"https:\/\/www.pkpolkka.fi\/wp-content\/uploads\/2019\/08\/ig-300x300.jpg 300w, https:\/\/www.pkpolkka.fi\/wp-content\/uploads\/2019\/08\/ig-150x150.jpg 150w, https:\/\/www.pkpolkka.fi\/wp-content\/uploads\/2019\/08\/ig-768x768.jpg 768w, https:\/\/www.pkpolkka.fi\/wp-content\/uploads\/2019\/08\/ig.jpg 818w\" sizes=\"(max-width: 66px) 100vw, 66px\" \/><\/a><a href=\"https:\/\/www.facebook.com\/pages\/category\/Hair-Salon\/Parturi-Kampaamo-Polkka-2277643672508935\/\" target=\"_blank\" rel=\"noopener noreferrer\"><img loading=\"lazy\" class=\"alignnone wp-image-250\" src=\"http:\/\/www.pkpolkka.fi\/wp-content\/uploads\/2019\/08\/fb2-287x300.jpg\" alt=\"\" width=\"41\" height=\"43\" srcset=\"https:\/\/www.pkpolkka.fi\/wp-content\/uploads\/2019\/08\/fb2-287x300.jpg 287w, https:\/\/www.pkpolkka.fi\/wp-content\/uploads\/2019\/08\/fb2-768x802.jpg 768w, https:\/\/www.pkpolkka.fi\/wp-content\/uploads\/2019\/08\/fb2.jpg 920w\" sizes=\"(max-width: 41px) 100vw, 41px\" \/><\/a><\/p>\n<p>&#8211; Marjo, Janika ja Kaisa.<\/p>\n<\/header>\n<p><a href=\"http:\/\/www.pkpolkka.fi\/wp-content\/uploads\/2019\/09\/kevinmurphynew.png\"><img loading=\"lazy\" class=\"alignnone wp-image-266\" src=\"http:\/\/www.pkpolkka.fi\/wp-content\/uploads\/2019\/09\/kevinmurphynew-300x225.png\" alt=\"\" width=\"90\" height=\"68\" srcset=\"https:\/\/www.pkpolkka.fi\/wp-content\/uploads\/2019\/09\/kevinmurphynew-300x225.png 300w, https:\/\/www.pkpolkka.fi\/wp-content\/uploads\/2019\/09\/kevinmurphynew.png 747w\" sizes=\"(max-width: 90px) 100vw, 90px\" \/><\/a><a href=\"http:\/\/www.pkpolkka.fi\/wp-content\/uploads\/2019\/09\/cruelty-free.png\"><img loading=\"lazy\" class=\"alignnone wp-image-264\" src=\"http:\/\/www.pkpolkka.fi\/wp-content\/uploads\/2019\/09\/cruelty-free-274x300.png\" alt=\"\" width=\"43\" height=\"47\" srcset=\"https:\/\/www.pkpolkka.fi\/wp-content\/uploads\/2019\/09\/cruelty-free-274x300.png 274w, https:\/\/www.pkpolkka.fi\/wp-content\/uploads\/2019\/09\/cruelty-free.png 300w\" sizes=\"(max-width: 43px) 100vw, 43px\" \/><\/a><!--more--><\/p>\n","protected":false},"excerpt":{"rendered":"<p>Tervetuloa ! Parturi-kampaamo POLKKA sijaitsee OP -Vallilan galleriakerroksessa hyvinvointikeskuksessa. Parturi-kampaamo palvelee OP:n ty\u00f6ntekij\u00f6it\u00e4, sek\u00e4 muita talossa ty\u00f6skentelevi\u00e4. Talon ulkopuolisia asiakkaita palvelemme sopimuksen mukaan. Varaa aikasi puhelimitse. HUOM! Samana p\u00e4iv\u00e4n\u00e4 peruutetusta tai peruuttamattomasta ajasta joudumme veloittamaan 75% hinnasta. Puh. 0400474616 . Varaukset puhelimitse tai linkist\u00e4&nbsp; https:\/\/booksalon.fi\/parturikampaamo-polkka Seuraathan meit\u00e4 my\u00f6s somessa! &#8211; Marjo, Janika ja Kaisa.<\/p>\n","protected":false},"author":1,"featured_media":0,"parent":0,"menu_order":1,"comment_status":"closed","ping_status":"closed","template":"","meta":{"ngg_post_thumbnail":0},"yoast_head":"<!-- This site is optimized with the Yoast SEO plugin v16.0.2 - https:\/\/yoast.com\/wordpress\/plugins\/seo\/ -->\n<link rel=\"canonical\" href=\"https:\/\/www.pkpolkka.fi\/\" \/>\n<meta property=\"og:locale\" content=\"fi_FI\" \/>\n<meta property=\"og:type\" content=\"article\" \/>\n<meta property=\"og:title\" content=\"Parturi-kampaamo POLKKA - PK-Polkka\" \/>\n<meta property=\"og:description\" content=\"Tervetuloa ! Parturi-kampaamo POLKKA sijaitsee OP -Vallilan galleriakerroksessa hyvinvointikeskuksessa. Parturi-kampaamo palvelee OP:n ty\u00f6ntekij\u00f6it\u00e4, sek\u00e4 muita talossa ty\u00f6skentelevi\u00e4. Talon ulkopuolisia asiakkaita palvelemme sopimuksen mukaan. Varaa aikasi puhelimitse. HUOM! Samana p\u00e4iv\u00e4n\u00e4 peruutetusta tai peruuttamattomasta ajasta joudumme veloittamaan 75% hinnasta. Puh. 0400474616 . Varaukset puhelimitse tai linkist\u00e4&nbsp; https:\/\/booksalon.fi\/parturikampaamo-polkka Seuraathan meit\u00e4 my\u00f6s somessa! &#8211; Marjo, Janika ja Kaisa.\" \/>\n<meta property=\"og:url\" content=\"https:\/\/www.pkpolkka.fi\/\" \/>\n<meta property=\"og:site_name\" content=\"PK-Polkka\" \/>\n<meta property=\"article:modified_time\" content=\"2025-11-27T08:11:03+00:00\" \/>\n<meta property=\"og:image\" content=\"http:\/\/www.pkpolkka.fi\/wp-content\/uploads\/2019\/08\/ig-300x300.jpg\" \/>\n<meta name=\"twitter:card\" content=\"summary_large_image\" \/>\n<meta name=\"twitter:label1\" content=\"Arvioitu lukuaika\">\n\t<meta name=\"twitter:data1\" content=\"2 minuuttia\">\n<script type=\"application\/ld+json\" class=\"yoast-schema-graph\">{\"@context\":\"https:\/\/schema.org\",\"@graph\":[{\"@type\":\"WebSite\",\"@id\":\"https:\/\/www.pkpolkka.fi\/#website\",\"url\":\"https:\/\/www.pkpolkka.fi\/\",\"name\":\"PK-Polkka\",\"description\":\"Parturi-kampaamo\",\"potentialAction\":[{\"@type\":\"SearchAction\",\"target\":\"https:\/\/www.pkpolkka.fi\/?s={search_term_string}\",\"query-input\":\"required name=search_term_string\"}],\"inLanguage\":\"fi\"},{\"@type\":\"ImageObject\",\"@id\":\"https:\/\/www.pkpolkka.fi\/#primaryimage\",\"inLanguage\":\"fi\",\"url\":\"http:\/\/www.pkpolkka.fi\/wp-content\/uploads\/2019\/08\/ig-300x300.jpg\"},{\"@type\":\"WebPage\",\"@id\":\"https:\/\/www.pkpolkka.fi\/#webpage\",\"url\":\"https:\/\/www.pkpolkka.fi\/\",\"name\":\"Parturi-kampaamo POLKKA - PK-Polkka\",\"isPartOf\":{\"@id\":\"https:\/\/www.pkpolkka.fi\/#website\"},\"primaryImageOfPage\":{\"@id\":\"https:\/\/www.pkpolkka.fi\/#primaryimage\"},\"datePublished\":\"2015-09-01T15:36:16+00:00\",\"dateModified\":\"2025-11-27T08:11:03+00:00\",\"breadcrumb\":{\"@id\":\"https:\/\/www.pkpolkka.fi\/#breadcrumb\"},\"inLanguage\":\"fi\",\"potentialAction\":[{\"@type\":\"ReadAction\",\"target\":[\"https:\/\/www.pkpolkka.fi\/\"]}]},{\"@type\":\"BreadcrumbList\",\"@id\":\"https:\/\/www.pkpolkka.fi\/#breadcrumb\",\"itemListElement\":[{\"@type\":\"ListItem\",\"position\":1,\"item\":{\"@type\":\"WebPage\",\"@id\":\"https:\/\/www.pkpolkka.fi\/\",\"url\":\"https:\/\/www.pkpolkka.fi\/\",\"name\":\"Etusivu\"}},{\"@type\":\"ListItem\",\"position\":2,\"item\":{\"@type\":\"WebPage\",\"@id\":\"https:\/\/www.pkpolkka.fi\/\",\"url\":\"https:\/\/www.pkpolkka.fi\/\",\"name\":\"Parturi-kampaamo POLKKA\"}}]}]}<\/script>\n<!-- \/ Yoast SEO plugin. -->","_links":{"self":[{"href":"https:\/\/www.pkpolkka.fi\/index.php?rest_route=\/wp\/v2\/pages\/23"}],"collection":[{"href":"https:\/\/www.pkpolkka.fi\/index.php?rest_route=\/wp\/v2\/pages"}],"about":[{"href":"https:\/\/www.pkpolkka.fi\/index.php?rest_route=\/wp\/v2\/types\/page"}],"author":[{"embeddable":true,"href":"https:\/\/www.pkpolkka.fi\/index.php?rest_route=\/wp\/v2\/users\/1"}],"replies":[{"embeddable":true,"href":"https:\/\/www.pkpolkka.fi\/index.php?rest_route=%2Fwp%2Fv2%2Fcomments&post=23"}],"version-history":[{"count":84,"href":"https:\/\/www.pkpolkka.fi\/index.php?rest_route=\/wp\/v2\/pages\/23\/revisions"}],"predecessor-version":[{"id":501,"href":"https:\/\/www.pkpolkka.fi\/index.php?rest_route=\/wp\/v2\/pages\/23\/revisions\/501"}],"wp:attachment":[{"href":"https:\/\/www.pkpolkka.fi\/index.php?rest_route=%2Fwp%2Fv2%2Fmedia&parent=23"}],"curies":[{"name":"wp","href":"https:\/\/api.w.org\/{rel}","templated":true}]}}